{"id":1129,"date":"2019-05-19T09:39:21","date_gmt":"2019-05-19T09:39:21","guid":{"rendered":"http:\/\/oko.pres-24.pl\/?page_id=1129"},"modified":"2021-08-01T10:30:29","modified_gmt":"2021-08-01T09:30:29","slug":"wierszoklectwo","status":"publish","type":"page","link":"https:\/\/oko.pres-24.pl\/?page_id=1129","title":{"rendered":"Wierszoklectwo"},"content":{"rendered":"<p>01.04.2020<\/p>\n<p>Nasz czytelnik, zainspirowany &#8222;tw\u00f3rczo\u015bci\u0105&#8221; rapera(?) Maty uto\u017csami\u0142 si\u0119 z &#8222;artyst\u0105&#8221; i nades\u0142a\u0142 nam sw\u00f3j text. Nie znamy si\u0119 na rapie, ale publikujemy, bo czemu nie.<\/p>\n<p>.<\/p>\n<p>Nazywam si\u0119 raper Mata,<\/p>\n<p>sponsoruje mnie m\u00f3j tata.<\/p>\n<p>Tak jak on na Polsk\u0119 pluje,<\/p>\n<p>tak ja m\u0105 szko\u0142\u0119 szkaluj\u0119.<\/p>\n<p>.<\/p>\n<p>Tak jak przed rze\u017ab\u0105 jest masa,<\/p>\n<p>dla nas wa\u017cna tylko kasa.<\/p>\n<p>R\u00f3bcie wszyscy mi reklamy,<\/p>\n<p>inni p\u00f3jd\u0105 jak barany.<\/p>\n<p>.<\/p>\n<p>\u017be mnie tata \u017ale wychowa\u0142?<\/p>\n<p>Niech ju\u017c was nie boli g\u0142owa.<\/p>\n<p>On wie dobrze, \u017ce kariera,<\/p>\n<p>w kontrowersji si\u0119 zawiera.<\/p>\n<p>.<\/p>\n<p>Ho\u0142d\u00f3w \u017cadnych nie odbiera\u0142,<\/p>\n<p>gdy by\u0142 zwyk\u0142ym profesorem.<\/p>\n<p>Zaszczyty si\u0119 posypa\u0142y,<\/p>\n<p>gdy zosta\u0142 antypisiorem.<\/p>\n<p>.<\/p>\n<p>Wszak to dzi\u0119ki memu tacie,<\/p>\n<p>rapu tego tu s\u0142uchacie.<\/p>\n<p>Kur**\u0107 jak si\u0119! &#8211; \u015bpiewaj synu,<\/p>\n<p>Przestawiaj s\u0142owa dla rymu.<\/p>\n<p>.<\/p>\n<p>M\u0105dry jeste\u015b, masz matur\u0119,<\/p>\n<p>olej edukacji g\u00f3r\u0119.<\/p>\n<p>Kasa to jest wa\u017cny temat,<\/p>\n<p>wpisa\u0142e\u015b si\u0119 w ojca schemat.<\/p>\n<p>.<\/p>\n<p>Ja cho\u0107 ekspert od teorii,<\/p>\n<p>zero znam si\u0119 na historii.<\/p>\n<p>.<\/p>\n<p>Buntownicze rymy synu,<\/p>\n<p>om\u00f3wi\u0142e\u015b z prawnikami.<\/p>\n<p>Czego chcecie? Takie czasy.<\/p>\n<p>Byle kapsy pe\u0142ne kasy.<\/p>\n<p>.<\/p>\n<p>Wi\u0119c \u00a0za rad\u0105 mego taty,<\/p>\n<p>etyk\u0119 bardzo szanuj\u0119.<\/p>\n<p>Wiem, \u017ce to co komu\u015b \u017cycz\u0119,<\/p>\n<p>to i do mnie si\u0119 stosuje.<\/p>\n<p>.<\/p>\n<p>Wyje**ie mnie jak TVP,<\/p>\n<p>przecie\u017c o to apeluj\u0119.<\/p>\n<p>Chcia\u0142bym te\u017c w mym dzi\u0105\u015ble poczu\u0107,<\/p>\n<p>te co i w Kurskiego ch**e.<\/p>\n<p>.<\/p>\n<p>I bezwzgl\u0119dnie z &#8222;ku**a&#8221; \u00a0s\u0142owem,<\/p>\n<p>o pacyfizm apeluj\u0119.<\/p>\n<p>Mam zasi\u0119gi, mam reklam\u0119,<\/p>\n<p>i mam na Was wyje***e.<\/p>\n<p>.<\/p>\n<p>Kuba m\u00f3wi, &#8222;jeste\u015b lepszy,<\/p>\n<p>mo\u017cesz cierpie\u0107 za miliony&#8221;.<\/p>\n<p>Dialog dw\u00f3ch &#8222;inteligent\u00f3w&#8221;,<\/p>\n<p>\u015bwiecie jeste\u015b spierdo**ny.<\/p>\n<p>.<\/p>\n<p>Jestem raper nowych czas\u00f3w,<\/p>\n<p>jestem &#8222;g\u0142osem pokolenia&#8221;.<\/p>\n<p>Rozwarstwienie si\u0119 pog\u0142\u0119bia,<\/p>\n<p>czas frajer\u00f3w jest golenia.<\/p>\n<p>.<\/p>\n<p>Wciskamy Wam pi\u0119kne teksty.<\/p>\n<p>Co b\u0119dziecie mieli z tego?<\/p>\n<p>Gdy na chleb Wam nie wystarczy,<\/p>\n<p>od pierwszego do pierwszego.<\/p>\n<p>.<\/p>\n<p>Tata m\u00f3wi do mnie: synu,<\/p>\n<p>sprzedajemy si\u0119 dla rymu.<\/p>\n<p>Ty swojego, ja swojego.<\/p>\n<p>Dla kariery i dla ego.<\/p>\n<p>.<\/p>\n<p>Nie z przypadku jeste\u015b Mata,<\/p>\n<p>ona jak my si\u0119 rozk\u0142ada.<\/p>\n<p>.<\/p>\n<p>Taki nowy i prawdziwy,<\/p>\n<p>bunt nasz, bogatej rodziny.<\/p>\n<p>Ma by\u0107 g\u0142o\u015bno, wyrazi\u015bcie.<\/p>\n<p>Znajomo\u015bci si\u0119 wyci\u015bnie.<\/p>\n<p>.<\/p>\n<p>Mam na szyi z\u0142ot\u0105 ket\u0119,<\/p>\n<p>propagujcie m\u0105 \u00a0tandet\u0119.<\/p>\n<p>.<\/p>\n<p>Narobi\u0142em sporo smrodu.<\/p>\n<p>Jam przysz\u0142o\u015bci\u0105 jest narodu.<\/p>\n<p><strong>\u00a0<\/strong><\/p>\n<p>&#8230;&#8230;&#8230;&#8230;&#8230;..<\/p>\n<p>01.10.2019<\/p>\n<p>Trafi\u0142a do nas poetycka analiza programu Pana Piotra Najsztuba &#8222;Prawda nas zaboli&#8221; (ka\u017cdy poniedzia\u0142ek w TOK FM, godz. 15.00). Trafna?<\/p>\n<p>Ju\u017c poniedzia\u0142ek, godzina pi\u0119tnasta,<\/p>\n<p>t\u0142umnie robi si\u0119 na ulicach miasta.<\/p>\n<p>Najsztub ju\u017c w studiu, ka\u017cdy powtarza,<\/p>\n<p>wi\u0119c na drogach nam nie zagra\u017ca.<\/p>\n<p>.<\/p>\n<p>On wie, auto ma sprawne, a \u017ce bez przegl\u0105du,<\/p>\n<p>to efekt ucisku pisowskiego rz\u0105du.<\/p>\n<p>Nie martw si\u0119 niewiasto je\u015bli ci\u0119 zahaczy,<\/p>\n<p>s\u0105d mu taki drobiazg ponownie wybaczy.<\/p>\n<p>.<\/p>\n<p>Program si\u0119 zaczyna, do studia wkracza,<\/p>\n<p>sta\u0142y go\u015b\u0107, pan pisarz, taka jego praca.<\/p>\n<p>Dwa wielkie umys\u0142y b\u0119d\u0105 wi\u0119c przemawia\u0107,<\/p>\n<p>Pi\u0105tek i Najsztub pragn\u0105 nas zabawia\u0107.<\/p>\n<p>.<\/p>\n<p>Nie wszyscy na ulicach, cz\u0119\u015b\u0107 do dom\u00f3w gna,<\/p>\n<p>to rodzice maluszk\u00f3w w wieku jeden &#8211; dwa.<\/p>\n<p>Szybko swe pociechy na nocnik sadzaj\u0105,<\/p>\n<p>dowcipy dw\u00f3ch pan\u00f3w te sprawy u\u0142atwiaj\u0105.<\/p>\n<p>.<\/p>\n<p>Satyra m\u0105dra, ta szpila ukryta,<\/p>\n<p>wzrusza ju\u017c nie serce ale i jelita.<\/p>\n<p>.<\/p>\n<p>Szacunek dla innych, po prostu \u017cyczliwi,<\/p>\n<p>do chamstwa nigdy by si\u0119 nie zni\u017cyli.<\/p>\n<p>Oni wiedz\u0105, \u017ce nie trzeba w \u0142eb obuchem wali\u0107,<\/p>\n<p>by ignorancj\u0119 pisowca objawi\u0107.<\/p>\n<p>.<\/p>\n<p>Poziom dowcipu, klasa sama w sobie,<\/p>\n<p>szyk i kultura, rzadkie w naszej dobie.<\/p>\n<p>Jako\u015b\u0107 ich j\u0119zyka jest tak niew\u0105tpliwa,<\/p>\n<p>jak cieczy co teraz z Czajki wyp\u0142ywa.<\/p>\n<p>.<\/p>\n<p>Subtelne aluzje, dialog b\u0142yskotliwy,<\/p>\n<p>bez agresji, hejtu i nienapastliwy.<\/p>\n<p>Smole\u0144 i Laskowik? Nie, to nie ta klasa,<\/p>\n<p>oni jak duet Ar\u0142ukowicza i Nitrasa.<\/p>\n<p>.<\/p>\n<p>Audycja trwa w najlepsze, a\u017c za serce chwyta,<\/p>\n<p>Najsztub erudyta, Pi\u0105tek erudyta.<\/p>\n<p>Pan Tomasz si\u0119 \u015bmieje, Pan Piotr si\u0119 \u015bmieje,<\/p>\n<p>Pan Tomasz stosuje onomatopeje.<\/p>\n<p>.<\/p>\n<p>Czasem, nie wiem czemu, PiS oni wspieraj\u0105,<\/p>\n<p>gdy wiersze Marcina Wolskiego przedstawiaj\u0105.<\/p>\n<p>I chocia\u017c rycz\u0105, skowytaj\u0105, wyj\u0105,<\/p>\n<p>zgrabnych rym\u00f3w Wolskiego i tak nie przykryj\u0105.<\/p>\n<p>.<\/p>\n<p>Kt\u00f3\u017c s\u0142ucha tych pan\u00f3w, do kogo te mowy?<\/p>\n<p>To musi by\u0107 odbiorca bardzo wykszta\u0142cony.<\/p>\n<p>Skoro taki dowcip, poziom mu pasuje,<\/p>\n<p>to, \u017ce rodaka si\u0119 nie szanuje.<\/p>\n<p>.<\/p>\n<p>Lepiej m\u00f3wi\u0107 do swoich, bo to prosta sprawa.<\/p>\n<p>My m\u0105drzy oni g\u0142upi, i niech trwa zabawa.<\/p>\n<p>&#8230;&#8230;&#8230;&#8230;&#8230;..<\/p>\n<p>19.05.2019<\/p>\n<p>Kolejny wierszyk, a raczej niezrealizowany kawa\u0142ek raperski, jak napisa\u0142 jego autor. Troszk\u0119 stary jak wynika z tre\u015bci, gdy\u017c dotyczy czas\u00f3w, gdy premierem by\u0142 Donald Tusk, Waldemar Pawlak sta\u0142 na czele PSL, a na topie by\u0142a afera wci\u0105gaj\u0105cego bia\u0142y proszek senatora w sukience.<\/p>\n<p>Nie bardzo nam si\u0119 podoba j\u0119zyk, co najmniej w dw\u00f3ch fragmentach, jednak sztuka rz\u0105dzi si\u0119 swoimi prawami wi\u0119c po kr\u00f3tkiej dyskusji przepuszczamy.<\/p>\n<p>(1)<\/p>\n<p>Polityk\u00f3w jest zadaniem,<\/p>\n<p>dobrze rz\u0105dzi\u0107 naszym krajem.<\/p>\n<p>S\u0142u\u017cy\u0107 nam i w naszej sprawie,<\/p>\n<p>dzia\u0142a\u0107 ku Polski naprawie.<\/p>\n<p>Wi\u0119c gdy problem ci\u0119 rozpiera,<\/p>\n<p>napisz prosz\u0119 do premiera.<\/p>\n<p>(2)<br \/>\nPowiedz: &#8222;Tusku! Ratuj prosz\u0119!&#8221;,<\/p>\n<p>Tusk ci jednak nie pomo\u017ce.<\/p>\n<p>R\u0119k\u0119 poda ci, wy\u015bciska,<\/p>\n<p>co si\u0119 da z tego uzyska,<\/p>\n<p>i z u\u015bmiechem na facjecie<\/p>\n<p>powie w kolejnej gazecie:<\/p>\n<p>&#8222;Zajebisty jestem go\u015b\u0107,<\/p>\n<p>w\u0142adzy jeszcze mi nie do\u015b\u0107!&#8221;<\/p>\n<p>(ref.)<br \/>\nG\u0142osuj na mnie, g\u0142osuj na mnie,<\/p>\n<p>chc\u0119 si\u0119 tarza\u0107 we w\u0142adzy \u0142ajnie,<\/p>\n<p>zajebisty jestem go\u015b\u0107!<\/p>\n<p>Dobrze jest \u017cy\u0107 na tw\u00f3j koszt.<\/p>\n<p>(3)<\/p>\n<p>Na to kaczor si\u0119 odzywa&#8221;<\/p>\n<p>&#8222;IV RP wiecznie \u017cywa,<\/p>\n<p>kto nie z nami, stoi tam&#8221;.<\/p>\n<p>Wkr\u00f3tce b\u0119dziesz sta\u0142 tu sam.<\/p>\n<p>(4)<\/p>\n<p>Wychodz\u0105 autorytety,<\/p>\n<p>takie mamy je niestety.<\/p>\n<p>Pan Kwa\u015bniewski, g\u0142owa pa\u0144stwa,<\/p>\n<p>liter w\u00f3dy kupa chamstwa,<\/p>\n<p>kwas zalewa oczodo\u0142y,<\/p>\n<p>id\u017a si\u0119 napi\u0107 pan gorzo\u0142y.<\/p>\n<p>(ref.)<\/p>\n<p>(5)<\/p>\n<p>Premier Pawlak, matko mi\u0142a,<\/p>\n<p>to\u017c to chodz\u0105ca mogi\u0142a.<\/p>\n<p>Ta charyzma, ta ekspresja,<\/p>\n<p>to nie jest istotna kwestia.<\/p>\n<p>Bardziej wa\u017cne, \u017ce dla w\u0142adzy,<\/p>\n<p>on przed ka\u017cdym si\u0119 rozkraczy.<\/p>\n<p>(6)<\/p>\n<p>Wi\u0119c ci to oznajmi\u0119 krzykiem,<\/p>\n<p>chcesz by\u0107 w Polsce politykiem,<\/p>\n<p>musisz k\u0142ama\u0107 wsz\u0119dzie wielce,<\/p>\n<p>po domu chodzi\u0107 w sukience,<\/p>\n<p>wbi\u0107 nienawi\u015b\u0107 w ludzi g\u0142owy,<\/p>\n<p>wieniec sk\u0142ada\u0107 nawalony.<\/p>\n<p>Dzia\u0142a\u0144 tych b\u0119dzie wynikiem,<\/p>\n<p>\u017ce zostaniesz politykiem.<\/p>\n<p>&#8212;&#8212;&#8212;&#8212;<\/p>\n<p>19.05.2019<\/p>\n<p>Odpowiadaj\u0105c na pro\u015bb\u0119 czytelnik\u00f3w otwieramy k\u0105cik poetycki by ich tw\u00f3rczo\u015b\u0107 nie odesz\u0142a w niebyt.<\/p>\n<p>Zaczynamy od wierszyka kt\u00f3rym nasz sta\u0142y czytelnik odpowiada\u0142 na forach na hejt wymierzony w Tadeusza Rydzyka.<\/p>\n<p>Jeste\u015bmy w tym przypadku troszk\u0119 interesowni, gdy\u017c autor odwo\u0142uje si\u0119 do naszej publikacji \ud83d\ude00<\/p>\n<p>\u0141atwo jest g\u0142upim kogo\u015b nazywa\u0107,<\/p>\n<p>lecz czym sam si\u0119 stajesz m\u0105dralo?<\/p>\n<p>Czy kto\u015b ludzi zmusza\u0142 by Tadziowi dawa\u0107,<\/p>\n<p>czy by\u0142o to ich w\u0142asne prawo?<\/p>\n<p>.<\/p>\n<p>Czy oburza\u0142e\u015b si\u0119 &#8222;m\u0105dry&#8221; poeto,<\/p>\n<p>gdy s\u0142usznie miniona w\u0142adza,<\/p>\n<p>sypa\u0142a kas\u0119 Gazecie Wyborczej,<\/p>\n<p>w my\u015bl &#8222;wsparcie si\u0119 wynagradza&#8221;.<\/p>\n<p>.<\/p>\n<p>\u0141atwo opluwa\u0107 jest Radio Maryja,<\/p>\n<p>lecz mo\u017ce uczciwie odpowiesz,<\/p>\n<p>sk\u0105d wzi\u0119\u0142a si\u0119 si\u0142a ojca Rydzyka,<\/p>\n<p>gdy wszystkich mia\u0142 przeciw sobie.<\/p>\n<p>.<\/p>\n<p>Szybko to pisz\u0119, b\u0142\u0119dy wybaczcie,<\/p>\n<p>a je\u015bli dowiedzie\u0107 si\u0119 chcecie,<\/p>\n<p>gdzie \u017ar\u00f3d\u0142o pot\u0119gi jest ojca Rydzyka,<\/p>\n<p>tutaj odpowied\u017a znajdziecie:<\/p>\n<blockquote class=\"wp-embedded-content\" data-secret=\"Hufk9BWfGe\"><p><a href=\"http:\/\/oko.pres-24.pl\/?p=362\">&#8222;By\u0142a\u015b mi matk\u0105 i ojcem&#8221; &#8211; powiedzia\u0142o Radio Maryja do Gazety Wyborczej.<\/a><\/p><\/blockquote>\n<p><iframe loading=\"lazy\" class=\"wp-embedded-content\" sandbox=\"allow-scripts\" security=\"restricted\" style=\"position: absolute; clip: rect(1px, 1px, 1px, 1px);\" title=\"&#8222;&#8222;By\u0142a\u015b mi matk\u0105 i ojcem&#8221; &#8211; powiedzia\u0142o Radio Maryja do Gazety Wyborczej.&#8221; &#8212; OKO.pres-24\" src=\"http:\/\/oko.pres-24.pl\/?p=362&#038;embed=true#?secret=Hufk9BWfGe\" data-secret=\"Hufk9BWfGe\" width=\"600\" height=\"338\" frameborder=\"0\" marginwidth=\"0\" marginheight=\"0\" scrolling=\"no\"><\/iframe><\/p>\n","protected":false},"excerpt":{"rendered":"<p>01.04.2020 Nasz czytelnik, zainspirowany &#8222;tw\u00f3rczo\u015bci\u0105&#8221; rapera(?) Maty uto\u017csami\u0142 si\u0119 z <a class=\"more-link\" href=\"https:\/\/oko.pres-24.pl\/?page_id=1129\">Czytaj dalej \u2192<\/a><\/p>\n","protected":false},"author":1,"featured_media":0,"parent":0,"menu_order":0,"comment_status":"closed","ping_status":"closed","template":"","meta":{"footnotes":""},"class_list":["post-1129","page","type-page","status-publish","hentry"],"aioseo_notices":[],"_links":{"self":[{"href":"https:\/\/oko.pres-24.pl\/index.php?rest_route=\/wp\/v2\/pages\/1129","targetHints":{"allow":["GET"]}}],"collection":[{"href":"https:\/\/oko.pres-24.pl\/index.php?rest_route=\/wp\/v2\/pages"}],"about":[{"href":"https:\/\/oko.pres-24.pl\/index.php?rest_route=\/wp\/v2\/types\/page"}],"author":[{"embeddable":true,"href":"https:\/\/oko.pres-24.pl\/index.php?rest_route=\/wp\/v2\/users\/1"}],"replies":[{"embeddable":true,"href":"https:\/\/oko.pres-24.pl\/index.php?rest_route=%2Fwp%2Fv2%2Fcomments&post=1129"}],"version-history":[{"count":30,"href":"https:\/\/oko.pres-24.pl\/index.php?rest_route=\/wp\/v2\/pages\/1129\/revisions"}],"predecessor-version":[{"id":2096,"href":"https:\/\/oko.pres-24.pl\/index.php?rest_route=\/wp\/v2\/pages\/1129\/revisions\/2096"}],"wp:attachment":[{"href":"https:\/\/oko.pres-24.pl\/index.php?rest_route=%2Fwp%2Fv2%2Fmedia&parent=1129"}],"curies":[{"name":"wp","href":"https:\/\/api.w.org\/{rel}","templated":true}]}}